{"id":6565,"date":"2019-07-19T20:03:34","date_gmt":"2019-07-19T18:03:34","guid":{"rendered":"http:\/\/www.uni-weimar.de\/projekte\/bauhaus-fm\/?page_id=6565"},"modified":"2019-07-23T21:00:46","modified_gmt":"2019-07-23T19:00:46","slug":"radiophonic-places-programm","status":"publish","type":"page","link":"https:\/\/www.uni-weimar.de\/projekte\/bauhaus-fm\/radiophonic-places-programm\/","title":{"rendered":"Radiophonic Places &#8211; Programme"},"content":{"rendered":"<h2 class=\"headline csc-firstHeader headline-main\">Radiophonic Places \u2013 Follow the Radio Wagon \u2013 Das Er\u00f6ffnungsprogramm zur Ausstellung RADIOPHONIC SPACES &#8211; Ein akustischer Parcours durch die Radiokunst<\/h2>\n\n<p class=\"bodytext\">Vor 100 Jahren ging vom Bauhaus eine der radikalsten und innovativsten Bewegungen des 20. Jahrhunderts aus. Zeitgleich begannen vor 100 Jahren die neuen technischen M\u00f6glichkeiten der Radiophonie den Bereich des Sounds grundlegend zu revolutionieren. Die Experimente mit neuen Kulturtechniken des Sendens und Empfangens sowie der Tonaufzeichnung waren nicht nur Ausgangspunkt von Sounddesign, elektronischer Musik und Klangkunst, sie f\u00fchrten zu g\u00e4nzlich neuen H\u00f6rgewohnheiten.<\/p>\n<p class=\"bodytext\"><strong>Radiophonic Places \u2013 Follow the Radio Wagon<\/strong>soll R\u00fcckblick und Ausblick zugleich sein. Als Lehrende und Studierende der Bauhaus-Universit\u00e4t Weimar motiviert uns das doppelte Jubil\u00e4um, die Radikalit\u00e4t des Bauhauses zum Vorbild zu nehmen und nach 100 Jahren technologischer, k\u00fcnstlerischer und wissenschaftlicher Entwicklung die Frage nach dem Beitrag und der Verantwortung der H\u00f6rkunst und H\u00f6rkultur f\u00fcr die Gesellschaft erneut zu stellen. Dabei soll das heutige Verh\u00e4ltnis von Wissenschaft, Technik, Kunst und Gestaltung im Hinblick auf aktuelle digitale Kulturtechniken des Sounds und den einhergehenden Ver\u00e4nderungen der Wahrnehmung unter die Lupe genommen werden.<\/p>\n<p class=\"bodytext\"><strong><span lang=\"EN-US\">Radiophonic Places \u2013 Follow the Radio Wagon<\/span><\/strong><span lang=\"EN-US\"> er\u00f6ffnet vom 26. bis 28. <\/span>Juli 2019 den begehbaren H\u00f6rraum Radiophonic Spaces mit einem mobilen Radiostudio. Performances, Konzerte, Gespr\u00e4che und Workshops rund um das Thema 100 Jahre Bauhaus | 100 Jahre Radiophonie finden \u00f6ffentlich an wechselnden Orten im Weimarer Stadtraum statt und werden live auf bauhaus.fm und 106,6 MHz \u00fcbertragen. 48 Stunden lang setzten sich Radiok\u00fcnstler*innen, Wissenschaftler*innen, ehemalige und aktuelle Studierende mit Fragen nach dem politischen Potential von H\u00f6rkulturen, den Konsequenzen technischer Entwicklungen f\u00fcr die Radiokunst und mit alternativen Radioformaten auseinander.<\/p>\n<p class=\"bodytext\">Kurze Programm \u00dcbersicht:<\/p>\n<p class=\"bodytext\"><strong>Freitag, den 26.7.<\/strong><\/p>\n<p class=\"bodytext\">18.00 Uhr \u2013 Universit\u00e4tsbibliothek Weimar<br \/>\nEr\u00f6ffnung Radiophonic Spaces \u2013 ein akustischer Parcours durch die Radiokunst<br \/>\nMit: Deer, Roberto Paci Dal\u00f2\u00a0und das Digital Bauhaus Ensemble, Liquid Penguin Ensemble, Marlow, Frank Simon-Ritz, Nathalie Singer, and(&amp;), Elisabeth Zimmermann u.a.<\/p>\n<p class=\"bodytext\"><strong>Samstag, den 27.7.<\/strong><\/p>\n<p class=\"bodytext\">10.30 Uhr \u2013 Garten der Bauhausstra\u00dfe 15<br \/>\nPodcast Piraten \u2013 Radio h\u00f6rt nicht an der Antenne auf<\/p>\n<p class=\"bodytext\">13.30 Uhr \u2013 Beethovenplatz<br \/>\nAudioflaneure \u2013 mit Kopfh\u00f6rer und Telefon auf akustischer Entdeckungsreise<\/p>\n<p>16.30 Uhr \u2013 Frauenplan<br \/>\nOu\u00efr, \u00e9couter, entendre, comprendre \u2013 von der Kunst des H\u00f6rens in allen Lebenslagen<\/p>\n<p><strong>Sonntag, den 28.7.<\/strong><\/p>\n<p>10.30 Uhr \u2013 Universit\u00e4tsbibliothek<br \/>\nraum-wir-raum \u2013 Eine Stadterkundung in drei Geh\u00f6rG\u00e4ngen<\/p>\n<p>13.30 Uhr \u2013 Marienstra\u00dfe 18<br \/>\naltre voci, altri suoni, altri rumori \u2013 Radiokunst in Italien<\/p>\n<p>15.30 Uhr \u2013 Hauptgeb\u00e4ude der Bauhaus-Universit\u00e4t Weimar<br \/>\nradio as an expanded public space \u2013 Performance im \u00f6ffentlichen Raum<\/p>\n<p><strong>Treffpunkt: Jeweils 30 Minuten vor Sendebeginn vor der Universit\u00e4tsbibliothek<\/strong><\/p>\n<hr \/>\n<h3>Full Program<\/h3>\n<p><a href=\"http:\/\/www.uni-weimar.de\/projekte\/bauhaus-fm\/radiophonic-places-friday-26th-of-july-program\/\">Friday, 26th of July<\/a><br \/>\n<a href=\"http:\/\/www.uni-weimar.de\/projekte\/bauhaus-fm\/radiophonic-places-saturday-27th-of-july-program\/\">Saturday, 27th of July<\/a><br \/>\n<a href=\"http:\/\/www.uni-weimar.de\/projekte\/bauhaus-fm\/radiophonic-places-sunday-28th-of-july-program\/\">Sunday, 28th of July<\/a><\/p>\n","protected":false},"excerpt":{"rendered":"<p>Radiophonic Places \u2013 Follow the Radio Wagon \u2013 Das Er\u00f6ffnungsprogramm zur Ausstellung RADIOPHONIC SPACES &#8211; Ein akustischer Parcours durch die Radiokunst Vor 100 Jahren ging vom Bauhaus eine der radikalsten und innovativsten Bewegungen des 20. Jahrhunderts aus. Zeitgleich begannen vor 100 Jahren die neuen technischen M\u00f6glichkeiten der Radiophonie den Bereich des Sounds grundlegend zu revolutionieren. [&hellip;]<\/p>\n","protected":false},"author":21,"featured_media":6589,"parent":0,"menu_order":1,"comment_status":"closed","ping_status":"closed","template":"page-templates\/full-width.php","meta":{"footnotes":""},"class_list":["post-6565","page","type-page","status-publish","has-post-thumbnail","hentry"],"_links":{"self":[{"href":"https:\/\/www.uni-weimar.de\/projekte\/bauhaus-fm\/wp-json\/wp\/v2\/pages\/6565","targetHints":{"allow":["GET"]}}],"collection":[{"href":"https:\/\/www.uni-weimar.de\/projekte\/bauhaus-fm\/wp-json\/wp\/v2\/pages"}],"about":[{"href":"https:\/\/www.uni-weimar.de\/projekte\/bauhaus-fm\/wp-json\/wp\/v2\/types\/page"}],"author":[{"embeddable":true,"href":"https:\/\/www.uni-weimar.de\/projekte\/bauhaus-fm\/wp-json\/wp\/v2\/users\/21"}],"replies":[{"embeddable":true,"href":"https:\/\/www.uni-weimar.de\/projekte\/bauhaus-fm\/wp-json\/wp\/v2\/comments?post=6565"}],"version-history":[{"count":8,"href":"https:\/\/www.uni-weimar.de\/projekte\/bauhaus-fm\/wp-json\/wp\/v2\/pages\/6565\/revisions"}],"predecessor-version":[{"id":6602,"href":"https:\/\/www.uni-weimar.de\/projekte\/bauhaus-fm\/wp-json\/wp\/v2\/pages\/6565\/revisions\/6602"}],"wp:featuredmedia":[{"embeddable":true,"href":"https:\/\/www.uni-weimar.de\/projekte\/bauhaus-fm\/wp-json\/wp\/v2\/media\/6589"}],"wp:attachment":[{"href":"https:\/\/www.uni-weimar.de\/projekte\/bauhaus-fm\/wp-json\/wp\/v2\/media?parent=6565"}],"curies":[{"name":"wp","href":"https:\/\/api.w.org\/{rel}","templated":true}]}}