{"id":6041,"date":"2019-01-25T19:19:02","date_gmt":"2019-01-25T17:19:02","guid":{"rendered":"http:\/\/www.uni-weimar.de\/projekte\/bauhaus-fm\/?page_id=6041"},"modified":"2019-02-05T23:02:32","modified_gmt":"2019-02-05T21:02:32","slug":"48-sendung-wintersemester-2018-19","status":"publish","type":"page","link":"https:\/\/www.uni-weimar.de\/projekte\/bauhaus-fm\/48-sendung-wintersemester-2018-19\/","title":{"rendered":"48-Sendung Wintersemester 2018\/19"},"content":{"rendered":"<table>\n<tbody>\n<tr>\n<td><\/td>\n<td>\n<h3>Montag, 28. Januar 2019<\/h3>\n<\/td>\n<td><\/td>\n<\/tr>\n<tr>\n<td>19:00<\/td>\n<td>Opening Show<\/td>\n<td>Talk, Magazin<\/td>\n<\/tr>\n<tr>\n<td>20:00<\/td>\n<td><a href=\"https:\/\/www.uni-weimar.de\/projekte\/bauhaus-fm\/category\/sendung\/grammophon-der-zukunft\/\">Grammophon der Zukunft<\/a><\/td>\n<td>Talk, Musik<\/td>\n<\/tr>\n<tr>\n<td>23:00<\/td>\n<td><a href=\"https:\/\/www.uni-weimar.de\/projekte\/bauhaus-fm\/tag\/tonraum\/\">Tonraum<\/a><\/td>\n<td>Musik<\/td>\n<\/tr>\n<tr>\n<td><\/td>\n<td>\n<h3>Dienstag, 29. Januar 2019<\/h3>\n<\/td>\n<td><\/td>\n<\/tr>\n<tr>\n<td>03:00<\/td>\n<td><a href=\"https:\/\/www.uni-weimar.de\/projekte\/bauhaus-fm\/tag\/mousemix\/\">Mousemix<\/a><\/td>\n<td>Musik<\/td>\n<\/tr>\n<tr>\n<td>05:00<\/td>\n<td>Mouse Clicking<\/td>\n<td>Live Work Show<\/td>\n<\/tr>\n<tr>\n<td>07:00<\/td>\n<td>Musikgeschichten<\/td>\n<td>Talk, Musik<\/td>\n<\/tr>\n<tr>\n<td>09:00<\/td>\n<td><a href=\"http:\/\/www.uni-weimar.de\/projekte\/bauhaus-fm\/nach-dem-kino-67-geschichten-aus-dem-kino-3\/\">Nach dem Kino<\/a><\/td>\n<td>Talk, Magazin<\/td>\n<\/tr>\n<tr>\n<td>11:00<\/td>\n<td><a href=\"http:\/\/www.uni-weimar.de\/projekte\/bauhaus-fm\/wo-ist-walter\/\">Wo ist Walter?<\/a><\/td>\n<td>Magazin<\/td>\n<\/tr>\n<tr>\n<td>13:00<\/td>\n<td>Nike Vomita<\/td>\n<td>Feature<\/td>\n<\/tr>\n<tr>\n<td>15:00<\/td>\n<td><a href=\"http:\/\/www.uni-weimar.de\/projekte\/bauhaus-fm\/radio-schach-2\/\">Radio-Schach<\/a><\/td>\n<td>Sport<\/td>\n<\/tr>\n<tr>\n<td>16:00<\/td>\n<td>Denkzettel<\/td>\n<td>Magazin<\/td>\n<\/tr>\n<tr>\n<td>17:00<\/td>\n<td>Bewegung und Barrikaden (Audiobaukasten I)<\/td>\n<td>Magazin<\/td>\n<\/tr>\n<tr>\n<td>19:00<\/td>\n<td><a href=\"https:\/\/www.uni-weimar.de\/projekte\/bauhaus-fm\/category\/sendung\/inside-the-artists-studio\/\">Inside the Artist&#8217;s Studio-Matthew Lloyd<\/a><\/td>\n<td>Talk, Musik<\/td>\n<\/tr>\n<tr>\n<td>21:00<\/td>\n<td><a href=\"http:\/\/www.uni-weimar.de\/projekte\/bauhaus-fm\/live-from-limona\/\">Live from Limona<\/a><\/td>\n<td>experimentelle Musik<\/td>\n<\/tr>\n<tr>\n<td><\/td>\n<td>\n<h3>Mittwoch, 30. Januar 2019<\/h3>\n<\/td>\n<td><\/td>\n<\/tr>\n<tr>\n<td>00:00<\/td>\n<td>Der Maschinenraum informiert: Die Seele des Menschen unter Alexa<\/td>\n<td>Musik<\/td>\n<\/tr>\n<tr>\n<td>02:00<\/td>\n<td>Sch\u00f6ner Atmen &#8211; Die Meditationssendung f\u00fcrs aufgeweckte Kind<\/td>\n<td>Magazin<\/td>\n<\/tr>\n<tr>\n<td>03:00<\/td>\n<td>Cooking Show<\/td>\n<td>Magazin<\/td>\n<\/tr>\n<tr>\n<td>05:00<\/td>\n<td><a href=\"https:\/\/www.uni-weimar.de\/projekte\/bauhaus-fm\/tag\/murmurs-of-maud\/\">Murmurs of Maud<\/a><\/td>\n<td>Musik<\/td>\n<\/tr>\n<tr>\n<td>06:00<\/td>\n<td><a href=\"https:\/\/www.uni-weimar.de\/projekte\/bauhaus-fm\/tag\/sternstunde-der-bedeutungslosigkeit\/\">Sternstunde der Bedeutungslosigkeit<\/a><\/td>\n<td>Keine Morning-Show<\/td>\n<\/tr>\n<tr>\n<td>07:00<\/td>\n<td>Die m\u00e4\u00dfig M\u00fcde Morningshow<\/td>\n<td>Talk<\/td>\n<\/tr>\n<tr>\n<td>08:00<\/td>\n<td><a href=\"http:\/\/www.uni-weimar.de\/projekte\/bauhaus-fm\/der-musikalische-geisterfahrer\/\">Der musikalische Geisterfahrer<\/a><\/td>\n<td>Radiokunst<\/td>\n<\/tr>\n<tr>\n<td>10:00<\/td>\n<td><a href=\"https:\/\/www.uni-weimar.de\/projekte\/bauhaus-fm\/category\/sendung\/mattachin-show\/\">Mattachin Show<\/a><\/td>\n<td>Magazin<\/td>\n<\/tr>\n<tr>\n<td>11:00<\/td>\n<td><a href=\"https:\/\/www.uni-weimar.de\/projekte\/bauhaus-fm\/tag\/dangerous\/\">Dangerous<\/a><\/td>\n<td>Talk, Magazin<\/td>\n<\/tr>\n<tr>\n<td>13:00<\/td>\n<td>\u00dcbergang Sendung<\/td>\n<td>Magazin<\/td>\n<\/tr>\n<tr>\n<td>14:00<\/td>\n<td>Ulash &amp; Lefteris Show<\/td>\n<td>Talk, Magazin<\/td>\n<\/tr>\n<tr>\n<td>15:00<\/td>\n<td><a href=\"http:\/\/www.uni-weimar.de\/projekte\/bauhaus-fm\/topology-of-immersion\/\">topology of immersion<\/a><\/td>\n<td>Magazin<\/td>\n<\/tr>\n<tr>\n<td>17:00<\/td>\n<td>MFA Public Audio Walks<\/td>\n<td>Talk, Musik<\/td>\n<\/tr>\n<tr>\n<td>18:30<\/td>\n<td>bauhaus.fm goodbye show<\/td>\n<td>Magazin<\/td>\n<\/tr>\n<\/tbody>\n<\/table>\n","protected":false},"excerpt":{"rendered":"<p>Montag, 28. Januar 2019 19:00 Opening Show Talk, Magazin 20:00 Grammophon der Zukunft Talk, Musik 23:00 Tonraum Musik Dienstag, 29. Januar 2019 03:00 Mousemix Musik 05:00 Mouse Clicking Live Work Show 07:00 Musikgeschichten Talk, Musik 09:00 Nach dem Kino Talk, Magazin 11:00 Wo ist Walter? Magazin 13:00 Nike Vomita Feature 15:00 Radio-Schach Sport 16:00 Denkzettel [&hellip;]<\/p>\n","protected":false},"author":5,"featured_media":6074,"parent":0,"menu_order":0,"comment_status":"closed","ping_status":"closed","template":"","meta":{"footnotes":""},"class_list":["post-6041","page","type-page","status-publish","has-post-thumbnail","hentry"],"_links":{"self":[{"href":"https:\/\/www.uni-weimar.de\/projekte\/bauhaus-fm\/wp-json\/wp\/v2\/pages\/6041","targetHints":{"allow":["GET"]}}],"collection":[{"href":"https:\/\/www.uni-weimar.de\/projekte\/bauhaus-fm\/wp-json\/wp\/v2\/pages"}],"about":[{"href":"https:\/\/www.uni-weimar.de\/projekte\/bauhaus-fm\/wp-json\/wp\/v2\/types\/page"}],"author":[{"embeddable":true,"href":"https:\/\/www.uni-weimar.de\/projekte\/bauhaus-fm\/wp-json\/wp\/v2\/users\/5"}],"replies":[{"embeddable":true,"href":"https:\/\/www.uni-weimar.de\/projekte\/bauhaus-fm\/wp-json\/wp\/v2\/comments?post=6041"}],"version-history":[{"count":17,"href":"https:\/\/www.uni-weimar.de\/projekte\/bauhaus-fm\/wp-json\/wp\/v2\/pages\/6041\/revisions"}],"predecessor-version":[{"id":6144,"href":"https:\/\/www.uni-weimar.de\/projekte\/bauhaus-fm\/wp-json\/wp\/v2\/pages\/6041\/revisions\/6144"}],"wp:featuredmedia":[{"embeddable":true,"href":"https:\/\/www.uni-weimar.de\/projekte\/bauhaus-fm\/wp-json\/wp\/v2\/media\/6074"}],"wp:attachment":[{"href":"https:\/\/www.uni-weimar.de\/projekte\/bauhaus-fm\/wp-json\/wp\/v2\/media?parent=6041"}],"curies":[{"name":"wp","href":"https:\/\/api.w.org\/{rel}","templated":true}]}}