{"id":2043,"date":"2016-07-11T18:00:54","date_gmt":"2016-07-11T16:00:54","guid":{"rendered":"http:\/\/www.uni-weimar.de\/projekte\/bauhaus-fm\/?page_id=2043"},"modified":"2017-01-22T23:57:03","modified_gmt":"2017-01-22T21:57:03","slug":"48h-sendung-juli-2016","status":"publish","type":"page","link":"https:\/\/www.uni-weimar.de\/projekte\/bauhaus-fm\/48h-sendung-juli-2016\/","title":{"rendered":"48h Sendung Juli 2016"},"content":{"rendered":"<p>Hier das Programm der 48h bauhausFM-Sendung vom 11. bis 13. Juli 2016.<\/p>\n<p>\u00c4nderungen vorbehalten!<\/p>\n<table>\n<tbody>\n<tr>\n<td><\/td>\n<td>\n<h3>Montag, 11. Juli 2016<\/h3>\n<\/td>\n<td><\/td>\n<\/tr>\n<tr>\n<td>19:00 Uhr<\/td>\n<td><strong>Bauhaus FM Magazin<\/strong><br \/>\nProgramm\u00fcbersicht \u00fcber die 48h Sendung mit Bauhaus FM Redaktion und Lehrkr\u00e4ften<div class=\"mehrinformationen\"><a href=\"http:\/\/www.uni-weimar.de\/projekte\/bauhaus-fm\/bauhaus-fm-magazin-11-juli-2016\/\">Nachh\u00f6ren<\/a><\/div><\/td>\n<td>Magazin<\/td>\n<\/tr>\n<tr>\n<td>21:00 Uhr<\/td>\n<td><strong>Kassiert: Big Data im Archiv<\/strong><br \/>\nArbeiten aus dem Projektmodul des Lehrstuhls Experimentelles Radio<\/td>\n<td>Werkschau<\/td>\n<\/tr>\n<tr>\n<td>23:00 Uhr<\/td>\n<td>Das weltweite Netzwerk f\u00fcr ein bedingungsloses Grundeinkommen:<br \/>\n<strong>Dissonanz: Eine Blue Note der Weltbeziehung<\/strong><\/td>\n<td>Aufzeichnung<\/td>\n<\/tr>\n<tr>\n<td><\/td>\n<td>\n<h3>Dienstag, 12. Juli 2016<\/h3>\n<\/td>\n<td><\/td>\n<\/tr>\n<tr>\n<td>00:00 Uhr<\/td>\n<td>Das weltweite Netzwerk f\u00fcr ein bedingungsloses Grundeinkommen:<br \/>\n<strong>Die erste und letzte Ewigkeit<\/strong><\/td>\n<td>Aufzeichnung<\/td>\n<\/tr>\n<tr>\n<td>01:00 Uhr<\/td>\n<td><strong>Feuerbach<\/strong><br \/>\nmit Fabian Polinski und Christoph Stroppel<div class=\"mehrinformationen\"><a href=\"http:\/\/www.uni-weimar.de\/projekte\/bauhaus-fm\/feuerbach\/#more-2278\">Nachh\u00f6ren<\/a><\/div><\/td>\n<td>Musiksendung<\/td>\n<\/tr>\n<tr>\n<td>03:00 Uhr<\/td>\n<td><strong>T\u00f6ne der Angst<br \/>\n<\/strong>mit Severin Schenkel<div class=\"mehrinformationen\"><a href=\"http:\/\/www.uni-weimar.de\/projekte\/bauhaus-fm\/toene-der-angst\/\">Nachh\u00f6ren<\/a><\/div><\/td>\n<td>Musiksendung<\/td>\n<\/tr>\n<tr>\n<td>07:00 Uhr<\/td>\n<td><strong>backup 2016 &#8211; Nachklapp<\/strong><br \/>\nmit Corinna Thamm und Marie Kohlschreiber<div class=\"mehrinformationen\"><a href=\"https:\/\/www.uni-weimar.de\/projekte\/bauhaus-fm\/backup-2016-nachklapp\/#more-2213\">Nachh\u00f6ren<\/a><\/div><\/td>\n<td>Magazin<\/td>\n<\/tr>\n<tr>\n<td>08:00 Uhr<\/td>\n<td><strong>Die Terrasse von Ratinchez<\/strong><br \/>\nmit Igor Ratinoff\u200e und G\u00e4sten<div class=\"mehrinformationen\"><a href=\"https:\/\/www.uni-weimar.de\/projekte\/bauhaus-fm\/die-terrasse-von-ratinchez\/\">Nachh\u00f6ren<\/a><\/div><\/td>\n<td>Morning Show<\/td>\n<\/tr>\n<tr>\n<td>10:00 Uhr<\/td>\n<td><strong>Was sie schon immer \u00fcber Regie wissen wollten, aber nie zu fragen wagten<br \/>\n<\/strong>Projektkurs &#8222;H\u00f6rspielregie&#8220; \/ Werkmodul &#8222;H\u00f6rspiel&#8220;<div class=\"mehrinformationen\"><a href=\"http:\/\/www.uni-weimar.de\/projekte\/bauhaus-fm\/was-sie-schon-immer-ueber-regie-wissen-wollten-aber-nie-zu-fragen-wagten\/\">Nachh\u00f6ren<\/a><\/div><\/td>\n<td>Werkschau<\/td>\n<\/tr>\n<tr>\n<td>13:00 Uhr<\/td>\n<td><strong>Medienkunstpreis<br \/>\n<\/strong>mit\u00a0Tim Wiezorek<div class=\"mehrinformationen\"><a href=\"https:\/\/www.uni-weimar.de\/projekte\/bauhaus-fm\/medienkunstpreis-2016\/\">Nachh\u00f6ren<\/a><\/div><\/td>\n<td>Aufzeichnung<\/td>\n<\/tr>\n<tr>\n<td>14:00 Uhr<\/td>\n<td><strong>Gespr\u00e4ch mit dem Dramatiker Wolfram Lotz \u00fcber das H\u00f6rspiel &#8222;Die l\u00e4cherliche Finsternis&#8220;<\/strong><br \/>\nmit Wolfram Lotz und Konrad Behr<br \/>\n<div class=\"mehrinformationen\"><a href=\"http:\/\/www.uni-weimar.de\/projekte\/bauhaus-fm\/gespraech-mit-dem-dramatiker-wolfram-lotz-ueber-das-hoerspiel-die-laecherliche-finsternis\/\">mehr\/more<\/a><\/div><\/td>\n<td>Gespr\u00e4ch\/Aufzeichnung<\/td>\n<\/tr>\n<tr>\n<td>15:00 Uhr<\/td>\n<td><strong>Steckr\u00fcbenwinter<br \/>\n<\/strong>Ein H\u00f6rspiel \u00fcber den Ersten Weltkrieg von Grandewelt mit Sounddesign von Marcel Siegel.<strong><br \/>\n<\/strong>Anmoderation: Maria Degand, Corinna Thamm<div class=\"mehrinformationen\"><a href=\"http:\/\/www.uni-weimar.de\/projekte\/bauhaus-fm\/steckruebenwinter\/\">mehr\/more<\/a><\/div><\/td>\n<td>H\u00f6rspiel<\/td>\n<\/tr>\n<tr>\n<td>17:00 Uhr<\/td>\n<td><strong>Radio Killed the Video Star<br \/>\n<\/strong>Arbeiten aus dem Werkmodul des Lehrstuhls Experimentelles Radio<div class=\"mehrinformationen\"><a href=\"http:\/\/www.uni-weimar.de\/projekte\/bauhaus-fm\/radio-killed-the-video-star\/\">mehr\/more<\/a><\/div><\/td>\n<td>Werkschau<\/td>\n<\/tr>\n<tr>\n<td>19:00 Uhr<\/td>\n<td><strong>Nach dem Kino 12<br \/>\n<\/strong>Gespr\u00e4ch \u00fcber 11 Ausgaben der Sendereihe <a href=\"http:\/\/www.uni-weimar.de\/projekte\/bauhaus-fm\/category\/sendung\/nach-dem-kino\/\">&#8222;Nach dem Kino&#8220;<\/a><div class=\"mehrinformationen\"><a href=\"http:\/\/www.uni-weimar.de\/projekte\/bauhaus-fm\/nach-dem-kino-12\/\">mehr\/more<\/a><\/div><\/td>\n<td>Talk<\/td>\n<\/tr>\n<tr>\n<td>20:00 Uhr<\/td>\n<td><strong>If my Prof would be my DJ<\/strong><br \/>\nmit Johanna Siegemund und Dilan Altun<\/td>\n<td>Musiksendung<\/td>\n<\/tr>\n<tr>\n<td>22:00 Uhr<\/td>\n<td><strong>Musik zur Verspannung<\/strong><br \/>\n<div class=\"mehrinformationen\"><a href=\"http:\/\/www.uni-weimar.de\/projekte\/bauhaus-fm\/musik-zur-verspannung\/\">Nachh\u00f6ren<\/a><\/div><\/td>\n<td>Musik<\/td>\n<\/tr>\n<tr>\n<td>23:00 Uhr<\/td>\n<td><strong>Musiksendung<\/strong><br \/>\nmit Igor Ratinoff<br \/>\n<div class=\"mehrinformationen\"><a href=\"http:\/\/www.uni-weimar.de\/projekte\/bauhaus-fm\/die-terrasse-von-ratinchez-2\/\">Nachh\u00f6ren<\/a><\/div><\/td>\n<td>Musiksendung<\/td>\n<\/tr>\n<tr>\n<td><\/td>\n<td>\n<h3>Mittwoch, 13. Juli 2016<\/h3>\n<\/td>\n<td><\/td>\n<\/tr>\n<tr>\n<td>00:00 Uhr<\/td>\n<td><strong>pop will eat itself<\/strong><br \/>\nmit Konrad Behr und Martin Hirsch<div class=\"mehrinformationen\"><a href=\"http:\/\/www.uni-weimar.de\/projekte\/bauhaus-fm\/pop-will-eat-itself-2\/\">Nachh\u00f6ren<\/a><\/div><\/td>\n<td>Musiksendung<\/td>\n<\/tr>\n<tr>\n<td>02:00 Uhr<\/td>\n<td><strong>Rough, wrong und hardcore<\/strong><br \/>\nmit Ioannis und Franzo<div class=\"mehrinformationen\"><a href=\"http:\/\/www.uni-weimar.de\/projekte\/bauhaus-fm\/rough-wrong-und-hardcore\/\">Nachh\u00f6ren<\/a><\/div><\/td>\n<td>Musiksendung<\/td>\n<\/tr>\n<tr>\n<td>03:00 Uhr<\/td>\n<td><strong>Radiologische Lesung Folge 2: Hand und Fu\u00dfpflege<br \/>\n<\/strong>zwischen spontaner Schlaflosigkeit und Reiselust (Das soll aber unter uns bleiben)\u00a0mit <a href=\"http:\/\/www.elffriede.net\">elffriede.aufzeichnensysteme<\/a> in Wien und <a href=\"http:\/\/konrad-behr.de\/\">Konrad Behr<\/a> in Weimar<div class=\"mehrinformationen\"><a href=\"http:\/\/www.uni-weimar.de\/projekte\/bauhaus-fm\/radiologische-lesung-folge-2-hand-und-fusspflege\/\">mehr\/more<\/a><\/div><\/td>\n<td>Radiokunst<\/td>\n<\/tr>\n<tr>\n<td>05:00 Uhr<\/td>\n<td><strong>Musik zur Entspannung<\/strong><br \/>\n<div class=\"mehrinformationen\"><a href=\"http:\/\/www.uni-weimar.de\/projekte\/bauhaus-fm\/musik-zur-enstpannung\/\">Nachh\u00f6ren<\/a><\/div><\/td>\n<td>Musiksendung<\/td>\n<\/tr>\n<tr>\n<td>06:00 Uhr<\/td>\n<td><strong>bauhaus.fm Morningshow<\/strong><br \/>\nmit Sebastian Esposito und Johanna Siegemund<div class=\"mehrinformationen\"><a href=\"https:\/\/www.uni-weimar.de\/projekte\/bauhaus-fm\/bauhaus-fm-morningshow\/\">Nachh\u00f6ren<\/a><\/div><\/td>\n<td>Fr\u00fchst\u00fccksradio<\/td>\n<\/tr>\n<tr>\n<td>09:00 Uhr<\/td>\n<td><strong>Musik-Feature \u00fcber Jan Holo<\/strong><br \/>\nmit Jan Holo und Benjamin Vo\u00dfler<\/td>\n<td>Musiksendung<\/td>\n<\/tr>\n<tr>\n<td>10:00 Uhr<\/td>\n<td><strong>Featureristic ain&#8217;t shit to me<br \/>\n<\/strong>Werkmodulkurs &#8222;Featureristic ain&#8217;t shit to me&#8220;<div class=\"mehrinformationen\"><a href=\"https:\/\/www.uni-weimar.de\/projekte\/bauhaus-fm\/featureristic-aint-shit-to-me\/\">Nachh\u00f6ren<\/a><\/div><\/td>\n<td>Werkschau<\/td>\n<\/tr>\n<tr>\n<td>13.00 Uhr<\/td>\n<td><strong>Vorstellung des Neudeli<\/strong><br \/>\nProjekt &#8222;RaumKlotz&#8220; und &#8222;industrierelikt&#8220;<div class=\"mehrinformationen\"><a href=\"https:\/\/www.uni-weimar.de\/projekte\/bauhaus-fm\/gruenderwerkstatt-neudeli-bei-bauhaus-fm\/\">Nachh\u00f6ren<\/a><\/div><\/td>\n<td>Talk<\/td>\n<\/tr>\n<tr>\n<td>14.00 Uhr<\/td>\n<td><strong>Neues vom StuKo<\/strong><\/p>\n<p><div class=\"mehrinformationen\"><a href=\"http:\/\/www.uni-weimar.de\/projekte\/bauhaus-fm\/neues-vom-stuko-2\/\">Nachh\u00f6ren<\/a><\/div><\/td>\n<td>Talk<\/td>\n<\/tr>\n<tr>\n<td>16.00 Uhr<\/td>\n<td><strong>TOMORROW WE WILL EXPLAIN<\/strong><br \/>\nStudierende und Organisatorinnen des Studienganges <a href=\"https:\/\/www.uni-weimar.de\/mfa\/\">Kunst im \u00f6ffentlichen Raum<\/a> sprechen unter anderem \u00fcber den <a href=\"http:\/\/kunsthausdresden.de\/veranstaltungen\/tomorrow-we-will-explain\/\">WALK OF ART in Dresden<\/a><br \/>\n<div class=\"mehrinformationen\"><a href=\"http:\/\/www.uni-weimar.de\/projekte\/bauhaus-fm\/tomorrow-we-will-explain\/\">Nachh\u00f6ren<\/a><\/div><\/td>\n<td>Talk<\/td>\n<\/tr>\n<tr>\n<td>17:00 Uhr<\/td>\n<td><strong>Bauhaus FM Magazin<\/strong><br \/>\nVorausschau Wintersemester 2016 mit Bauhaus FM Redaktion und Lehrkr\u00e4ften<div class=\"mehrinformationen\"><a href=\"http:\/\/www.uni-weimar.de\/projekte\/bauhaus-fm\/bauhaus-fm-magazin-13-juli-2016\/\">Nachh\u00f6<\/a>r<a href=\"http:\/\/www.uni-weimar.de\/projekte\/bauhaus-fm\/bauhaus-fm-magazin-13-juli-2016\/\">en<\/a><\/div><\/td>\n<td>Magazin<\/td>\n<\/tr>\n<\/tbody>\n<p><!--\n\n\n<tr>\n\n\n<td><\/td>\n\n\n\n\n<td><strong><\/strong><\/td>\n\n\n\n\n<td><\/td>\n\n\n<\/tr>\n\n\n--><\/table>\n","protected":false},"excerpt":{"rendered":"<p>Hier das Programm der 48h bauhausFM-Sendung vom 11. bis 13. Juli 2016. \u00c4nderungen vorbehalten! Montag, 11. Juli 2016 19:00 Uhr Bauhaus FM Magazin Programm\u00fcbersicht \u00fcber die 48h Sendung mit Bauhaus FM Redaktion und Lehrkr\u00e4ften Magazin 21:00 Uhr Kassiert: Big Data im Archiv Arbeiten aus dem Projektmodul des Lehrstuhls Experimentelles Radio Werkschau 23:00 Uhr Das weltweite [&hellip;]<\/p>\n","protected":false},"author":5,"featured_media":2087,"parent":0,"menu_order":0,"comment_status":"closed","ping_status":"closed","template":"","meta":{"footnotes":""},"class_list":["post-2043","page","type-page","status-publish","has-post-thumbnail","hentry"],"_links":{"self":[{"href":"https:\/\/www.uni-weimar.de\/projekte\/bauhaus-fm\/wp-json\/wp\/v2\/pages\/2043","targetHints":{"allow":["GET"]}}],"collection":[{"href":"https:\/\/www.uni-weimar.de\/projekte\/bauhaus-fm\/wp-json\/wp\/v2\/pages"}],"about":[{"href":"https:\/\/www.uni-weimar.de\/projekte\/bauhaus-fm\/wp-json\/wp\/v2\/types\/page"}],"author":[{"embeddable":true,"href":"https:\/\/www.uni-weimar.de\/projekte\/bauhaus-fm\/wp-json\/wp\/v2\/users\/5"}],"replies":[{"embeddable":true,"href":"https:\/\/www.uni-weimar.de\/projekte\/bauhaus-fm\/wp-json\/wp\/v2\/comments?post=2043"}],"version-history":[{"count":61,"href":"https:\/\/www.uni-weimar.de\/projekte\/bauhaus-fm\/wp-json\/wp\/v2\/pages\/2043\/revisions"}],"predecessor-version":[{"id":2370,"href":"https:\/\/www.uni-weimar.de\/projekte\/bauhaus-fm\/wp-json\/wp\/v2\/pages\/2043\/revisions\/2370"}],"wp:featuredmedia":[{"embeddable":true,"href":"https:\/\/www.uni-weimar.de\/projekte\/bauhaus-fm\/wp-json\/wp\/v2\/media\/2087"}],"wp:attachment":[{"href":"https:\/\/www.uni-weimar.de\/projekte\/bauhaus-fm\/wp-json\/wp\/v2\/media?parent=2043"}],"curies":[{"name":"wp","href":"https:\/\/api.w.org\/{rel}","templated":true}]}}